{"id":25,"date":"2020-01-09T20:46:35","date_gmt":"2020-01-09T19:46:35","guid":{"rendered":"http:\/\/rafael-leng.de\/?page_id=25"},"modified":"2020-01-10T21:04:35","modified_gmt":"2020-01-10T20:04:35","slug":"das-schwert-von-wigrid-teil-i","status":"publish","type":"page","link":"https:\/\/rafael-leng.de\/?page_id=25","title":{"rendered":"Das Schwert von Wigrid Teil I"},"content":{"rendered":"\n<style type=\"text\/css\" data-created_by=\"avia_inline_auto\" id=\"style-css-av-1qbb1-86d80a6695e0aea09decf4dbeecf9634\">\n.flex_column.av-1qbb1-86d80a6695e0aea09decf4dbeecf9634{\n-webkit-border-radius:0px 0px 0px 0px;\n-moz-border-radius:0px 0px 0px 0px;\nborder-radius:0px 0px 0px 0px;\npadding:0px 0px 0px 0px;\n}\n<\/style>\n<div class='flex_column av-1qbb1-86d80a6695e0aea09decf4dbeecf9634 av_one_third  avia-builder-el-0  el_before_av_two_third  avia-builder-el-first  first flex_column_div av-zero-column-padding '     ><style type=\"text\/css\" data-created_by=\"avia_inline_auto\" id=\"style-css-av-k57amaad-5791828cc0d15d1af5bc958bbd63d367\">\n.avia-image-container.av-k57amaad-5791828cc0d15d1af5bc958bbd63d367 img.avia_image{\nbox-shadow:none;\n}\n.avia-image-container.av-k57amaad-5791828cc0d15d1af5bc958bbd63d367 .av-image-caption-overlay-center{\ncolor:#ffffff;\n}\n<\/style>\n<div  class='avia-image-container av-k57amaad-5791828cc0d15d1af5bc958bbd63d367 av-styling- av-hover-grow avia-align-center  avia-builder-el-1  avia-builder-el-no-sibling '   itemprop=\"image\" itemscope=\"itemscope\" itemtype=\"https:\/\/schema.org\/ImageObject\" ><div class=\"avia-image-container-inner\"><div class=\"avia-image-overlay-wrap\"><img class='wp-image-14 avia-img-lazy-loading-not-14 avia_image ' src='https:\/\/rafael-leng.de\/wp-content\/uploads\/2020\/01\/Schwert-1-e1578677708863.png' alt='Das Schwert von Wigrid Teil 1' title='Das Schwert von Wigrid Teil 1'  height=\"926\" width=\"668\"  itemprop=\"thumbnailUrl\"  \/><\/div><\/div><\/div><\/div>\n\n<style type=\"text\/css\" data-created_by=\"avia_inline_auto\" id=\"style-css-av-ysy9-a574be1a710a742c9ec5b084929f87f1\">\n.flex_column.av-ysy9-a574be1a710a742c9ec5b084929f87f1{\n-webkit-border-radius:0px 0px 0px 0px;\n-moz-border-radius:0px 0px 0px 0px;\nborder-radius:0px 0px 0px 0px;\npadding:0px 0px 0px 0px;\n}\n<\/style>\n<div class='flex_column av-ysy9-a574be1a710a742c9ec5b084929f87f1 av_two_third  avia-builder-el-2  el_after_av_one_third  el_before_av_heading  flex_column_div av-zero-column-padding '     ><p>\n<style type=\"text\/css\" data-created_by=\"avia_inline_auto\" id=\"style-css-av-av_heading-23a671cf1df93f59b4d6ab9b8fd5d6fe\">\n#top .av-special-heading.av-av_heading-23a671cf1df93f59b4d6ab9b8fd5d6fe{\npadding-bottom:40px;\n}\nbody .av-special-heading.av-av_heading-23a671cf1df93f59b4d6ab9b8fd5d6fe .av-special-heading-tag .heading-char{\nfont-size:25px;\n}\n.av-special-heading.av-av_heading-23a671cf1df93f59b4d6ab9b8fd5d6fe .av-subheading{\nfont-size:15px;\n}\n<\/style>\n<div  class='av-special-heading av-av_heading-23a671cf1df93f59b4d6ab9b8fd5d6fe av-special-heading-h1 blockquote modern-quote  avia-builder-el-3  el_before_av_heading  avia-builder-el-first '><h1 class='av-special-heading-tag'  itemprop=\"headline\"  >Das Schwert von Wigrid &#8211; Teil 1<\/h1><div class=\"special-heading-border\"><div class=\"special-heading-inner-border\"><\/div><\/div><\/div><br \/>\n\n<style type=\"text\/css\" data-created_by=\"avia_inline_auto\" id=\"style-css-av-av_heading-1bd724e97b98ec20790f582e29f7d7e3\">\n#top .av-special-heading.av-av_heading-1bd724e97b98ec20790f582e29f7d7e3{\nmargin:0 0 0 0;\npadding-bottom:10px;\n}\nbody .av-special-heading.av-av_heading-1bd724e97b98ec20790f582e29f7d7e3 .av-special-heading-tag .heading-char{\nfont-size:25px;\n}\n.av-special-heading.av-av_heading-1bd724e97b98ec20790f582e29f7d7e3 .av-subheading{\nfont-size:15px;\n}\n<\/style>\n<div  class='av-special-heading av-av_heading-1bd724e97b98ec20790f582e29f7d7e3 av-special-heading-h3  avia-builder-el-4  el_after_av_heading  el_before_av_textblock '><h3 class='av-special-heading-tag'  itemprop=\"headline\"  >Klappentext<\/h3><div class=\"special-heading-border\"><div class=\"special-heading-inner-border\"><\/div><\/div><\/div><br \/>\n<section  class='av_textblock_section av-k57ann0j-b17fa30c6e6657e6fa884991b455b935'  itemscope=\"itemscope\" itemtype=\"https:\/\/schema.org\/CreativeWork\" ><div class='avia_textblock'  itemprop=\"text\" ><p style=\"text-align: justify;\">Geheimnisvolle Wesen erscheinen im fernen K\u00f6nigreich \u00c5sgard, keiner wei\u00df ob sie gut oder b\u00f6se sind. Als sich Bragor, Prinz von \u00c5sgard, und sein treuer Gef\u00e4hrte Ares auf den Weg machen, um dies heraus zu finden werden sie pl\u00f6tzlich von fliegenden d\u00e4monischen Schatten verfolgt, die sie t\u00f6ten wollen. Die Lage eskaliert und sie m\u00fcssen aus \u00c5sgard fliehen.<\/p>\n<p style=\"text-align: justify;\">Liegt die L\u00f6sung der unerkl\u00e4rlichen Begebenheiten in einer alten Sage? Der zufolge es, vor vielen Jahrhunderten einen unerbittliche K\u00e4mpfe zwischen lichten und dunklen Magiern gab. Bis der Anf\u00fchrer der dunklen Magier, Baldur, mit einem besonderen Schwert \u2013 dem Schwert von Wigrid \u2013 besiegt wurde, das seitdem verschwunden ist. Und jetzt, so gehen Ger\u00fcchte, will Baldur das Schwert endg\u00fcltig in seinen Besitz bringen.<\/p>\n<p style=\"text-align: justify;\">Auch Ares tr\u00e4gt ein kostbareres Schwert mit sich. Ist es das Schwert von Wigrid oder \u00e4hnelt es diesem nur? Wem k\u00f6nnen die beiden auf ihrer Reise trauen: dem undurchschaubaren Zauberer Feisal von Oranienburg? Den Orks, die sich zwar mit ihnen verb\u00fcnden, in deren Natur der Verrat liegt? Als Ares und Bragor noch getrennt werden, decken beide einen Hochverrat auf, der Jahrhunderte zur\u00fcck reicht.<\/p>\n<\/div><\/section><br \/>\n\n<style type=\"text\/css\" data-created_by=\"avia_inline_auto\" id=\"style-css-av-k57b4lvq-88c1ed8c4a43d550a1e147b207eef7ff\">\n#top .hr.hr-invisible.av-k57b4lvq-88c1ed8c4a43d550a1e147b207eef7ff{\nheight:20px;\n}\n<\/style>\n<div  class='hr av-k57b4lvq-88c1ed8c4a43d550a1e147b207eef7ff hr-invisible  avia-builder-el-6  el_after_av_textblock  el_before_av_button_big  avia-builder-el-last '><span class='hr-inner '><span class=\"hr-inner-style\"><\/span><\/span><\/div><br \/>\n<div  class='avia-button-wrap avia-button-center  avia-builder-el-7  el_after_av_hr  el_before_av_hr ' >\n<style type=\"text\/css\" data-created_by=\"avia_inline_auto\" id=\"style-css-av-k57b3f4f-3cb6309e9142582611656fc0cc5ec232\">\n#top #wrap_all .avia-button.av-k57b3f4f-3cb6309e9142582611656fc0cc5ec232{\ncolor:#ffffff;\n-webkit-transition:all 0.4s ease-in-out;\n-moz-transition:all 0.4s ease-in-out;\n-ms-transition:all 0.4s ease-in-out;\n-o-transition:all 0.4s ease-in-out;\ntransition:all 0.4s ease-in-out;\n}\n#top #wrap_all .avia-button.av-k57b3f4f-3cb6309e9142582611656fc0cc5ec232:hover{\ncolor:#ffffff;\n-webkit-transition:all 0.4s ease-in-out;\n-moz-transition:all 0.4s ease-in-out;\n-ms-transition:all 0.4s ease-in-out;\n-o-transition:all 0.4s ease-in-out;\ntransition:all 0.4s ease-in-out;\n}\n<\/style>\n<a href='https:\/\/www.amazon.de\/Das-Schwert-von-Wigrid-Teil\/dp\/384239859X\/ref=sr_1_2?qid=1578607926&amp;refinements=p_27%3ARafael+Leng&amp;s=books&amp;sr=1-2&amp;text=Rafael+Leng' class='avia-color-theme-color avia-button avia-button-fullwidth av-k57b3f4f-3cb6309e9142582611656fc0cc5ec232 avia-icon_select-no avia-color-theme-color' target=\"_blank\" rel=\"noopener noreferrer\"><span class='avia_iconbox_title' >Jetzt bestellen!<\/span><span class='avia_button_background avia-button avia-button-fullwidth avia-color-theme-color'><\/span><\/a><\/div><br \/>\n\n<style type=\"text\/css\" data-created_by=\"avia_inline_auto\" id=\"style-css-av-k57b4lvq-88c1ed8c4a43d550a1e147b207eef7ff\">\n#top .hr.hr-invisible.av-k57b4lvq-88c1ed8c4a43d550a1e147b207eef7ff{\nheight:20px;\n}\n<\/style>\n<div  class='hr av-k57b4lvq-88c1ed8c4a43d550a1e147b207eef7ff hr-invisible  avia-builder-el-8  el_after_av_button_big  avia-builder-el-no-sibling '><span class='hr-inner '><span class=\"hr-inner-style\"><\/span><\/span><\/div><\/p><\/div>\n<style type=\"text\/css\" data-created_by=\"avia_inline_auto\" id=\"style-css-av-av_heading-e930254712ffd1b323b4f44b17431e9a\">\n#top .av-special-heading.av-av_heading-e930254712ffd1b323b4f44b17431e9a{\npadding-bottom:10px;\n}\nbody .av-special-heading.av-av_heading-e930254712ffd1b323b4f44b17431e9a .av-special-heading-tag .heading-char{\nfont-size:25px;\n}\n.av-special-heading.av-av_heading-e930254712ffd1b323b4f44b17431e9a .av-subheading{\nfont-size:15px;\n}\n<\/style>\n<div  class='av-special-heading av-av_heading-e930254712ffd1b323b4f44b17431e9a av-special-heading-h3  avia-builder-el-9  el_after_av_two_third  el_before_av_textblock '><h3 class='av-special-heading-tag'  itemprop=\"headline\"  >Leseproben<\/h3><div class=\"special-heading-border\"><div class=\"special-heading-inner-border\"><\/div><\/div><\/div><\/p>\n<section  class='av_textblock_section av-k57ann0j-b17fa30c6e6657e6fa884991b455b935'  itemscope=\"itemscope\" itemtype=\"https:\/\/schema.org\/CreativeWork\" ><div class='avia_textblock'  itemprop=\"text\" ><p style=\"text-align: justify;\">Feisal schrie mit gespielter Panik in der Stimme, \u201eweiter, schneller weiter auf das Meer hinaus. Nur dort sind wir sicher.\u201c<br \/>\nUnd die Orks gehorchten. Gnadenlose, kraftvolle Ruderschl\u00e4ge trieben sie auf das Meer hinaus. Schnell waren sie weit drau\u00dfen, an einen guten Schuss brauchte Ares nicht mehr zu denken.<br \/>\n\u201eWas sollte das?\u201c, schrie Ares Feisal an und ging drohend auf diesen zu, seine Hand lag auf dem Griff seines Messers. Doch das Boot schaukelte so stark, dass sich Ares schnell setzen musste. Direkt auf die Bank vor Feisal.<br \/>\n\u201eWas hattet ihr den vor?\u201c, fragte Feisal entsetzt.<br \/>\n\u201eWas wohl? Ihn abschie\u00dfen\u201c, br\u00fcllte Ares den Zauberer hasserf\u00fcllt an.<br \/>\n\u201eKein Wesen hat bisher einen Magoog get\u00f6tet. Was ist, wenn ihr ihn nur verletzt h\u00e4ttet, antwortete Feisal, \u201edas h\u00e4tte ihn w\u00fctend machen k\u00f6nnen.\u201c<br \/>\nBitter lachte Ares, \u201ewas? Das h\u00e4tte ihn w\u00fctend machen k\u00f6nnen?\u201c<br \/>\n\u201eSitze ich hier in einem Boot voller Kampf erprobter Orks, die den Tod begr\u00fc\u00dfen. Oder sind hier nur lauter feige Ratten anwesend,\u201c fragte Bragor kalt.<\/p>\n<\/div><\/section>\n\n<style type=\"text\/css\" data-created_by=\"avia_inline_auto\" id=\"style-css-av-k57axvj9-5b4e1161c2e431a7ef464a3376eba895\">\n#top .hr.av-k57axvj9-5b4e1161c2e431a7ef464a3376eba895{\nmargin-top:12px;\nmargin-bottom:12px;\n}\n.hr.av-k57axvj9-5b4e1161c2e431a7ef464a3376eba895 .hr-inner{\nwidth:100%;\n}\n<\/style>\n<div  class='hr av-k57axvj9-5b4e1161c2e431a7ef464a3376eba895 hr-custom  avia-builder-el-11  el_after_av_textblock  el_before_av_textblock  hr-center hr-icon-no'><span class='hr-inner inner-border-av-border-thin'><span class=\"hr-inner-style\"><\/span><\/span><\/div>\n<section  class='av_textblock_section av-k57ay8ye-b792034ce52f10074a28d4a5b1a1f769'  itemscope=\"itemscope\" itemtype=\"https:\/\/schema.org\/CreativeWork\" ><div class='avia_textblock'  itemprop=\"text\" ><p style=\"text-align: justify;\">\u201eJemand scheint sich alle M\u00fche zu geben, die alten Sagen zu verbergen\u201c, stellte Ares fest. Mit einem finsteren Blick ging Bragor sofort zum n\u00e4chsten Bild. Er warf nur einen kurzen Blick darauf, um festzustellen, \u201eauch hier hat jemand das urspr\u00fcngliche Bild \u00fcbermalt.\u201c<br \/>\n\u201eJa, und jetzt l\u00e4chelt uns eine halb verweste Kr\u00f6te an\u201c, erg\u00e4nzte Ares ironisch.<\/p>\n<\/div><\/section>\n\n<style type=\"text\/css\" data-created_by=\"avia_inline_auto\" id=\"style-css-av-k57axvj9-5b4e1161c2e431a7ef464a3376eba895\">\n#top .hr.av-k57axvj9-5b4e1161c2e431a7ef464a3376eba895{\nmargin-top:12px;\nmargin-bottom:12px;\n}\n.hr.av-k57axvj9-5b4e1161c2e431a7ef464a3376eba895 .hr-inner{\nwidth:100%;\n}\n<\/style>\n<div  class='hr av-k57axvj9-5b4e1161c2e431a7ef464a3376eba895 hr-custom  avia-builder-el-13  el_after_av_textblock  el_before_av_textblock  hr-center hr-icon-no'><span class='hr-inner inner-border-av-border-thin'><span class=\"hr-inner-style\"><\/span><\/span><\/div>\n<section  class='av_textblock_section av-k57b1fjq-f2b54288b36d82a8f48b1e7352dec79c'  itemscope=\"itemscope\" itemtype=\"https:\/\/schema.org\/CreativeWork\" ><div class='avia_textblock'  itemprop=\"text\" ><p style=\"text-align: justify;\">Waren Ares, Bragor und die Orks am Anfang vor dem Mob geflohen, fl\u00fcchteten sie nun vor den Flammen. Wohin sie auch blickten, \u00fcberall brannte es. Mehr als einmal st\u00fcrzte das Haus, das sie gerade verlassen hatten, hinter ihnen zusammen und verwandelte sich in eine Flammenh\u00f6lle. Sie sp\u00fcrten die Hitze, h\u00f6rten das Gebr\u00fcll des Feuers, das sich wie ein wildes Tier auf den Ort gest\u00fcrzt hatte und diesen zerriss.<\/p>\n<\/div><\/section>\n\n<style type=\"text\/css\" data-created_by=\"avia_inline_auto\" id=\"style-css-av-k57axvj9-5b4e1161c2e431a7ef464a3376eba895\">\n#top .hr.av-k57axvj9-5b4e1161c2e431a7ef464a3376eba895{\nmargin-top:12px;\nmargin-bottom:12px;\n}\n.hr.av-k57axvj9-5b4e1161c2e431a7ef464a3376eba895 .hr-inner{\nwidth:100%;\n}\n<\/style>\n<div  class='hr av-k57axvj9-5b4e1161c2e431a7ef464a3376eba895 hr-custom  avia-builder-el-15  el_after_av_textblock  el_before_av_textblock  hr-center hr-icon-no'><span class='hr-inner inner-border-av-border-thin'><span class=\"hr-inner-style\"><\/span><\/span><\/div>\n<section  class='av_textblock_section av-k57b2e5u-f22b1395b554c1e7e37f900f0843c805'  itemscope=\"itemscope\" itemtype=\"https:\/\/schema.org\/CreativeWork\" ><div class='avia_textblock'  itemprop=\"text\" ><p style=\"text-align: justify;\">\u201eJa\u201c, warf Ares ein, \u201eund deswegen hassen uns die Vanen, weil wir allem auf den Grund gehen. Ihr solltet euch den anderen vornehmen. Je mehr wir \u00fcber diese Biester wissen, umso besser k\u00f6nnen wir sie t\u00f6ten.\u201c<\/p>\n<\/div><\/section>\n","protected":false},"excerpt":{"rendered":"","protected":false},"author":1,"featured_media":0,"parent":0,"menu_order":0,"comment_status":"closed","ping_status":"closed","template":"","meta":{"footnotes":""},"class_list":["post-25","page","type-page","status-publish","hentry"],"_links":{"self":[{"href":"https:\/\/rafael-leng.de\/index.php?rest_route=\/wp\/v2\/pages\/25","targetHints":{"allow":["GET"]}}],"collection":[{"href":"https:\/\/rafael-leng.de\/index.php?rest_route=\/wp\/v2\/pages"}],"about":[{"href":"https:\/\/rafael-leng.de\/index.php?rest_route=\/wp\/v2\/types\/page"}],"author":[{"embeddable":true,"href":"https:\/\/rafael-leng.de\/index.php?rest_route=\/wp\/v2\/users\/1"}],"replies":[{"embeddable":true,"href":"https:\/\/rafael-leng.de\/index.php?rest_route=%2Fwp%2Fv2%2Fcomments&post=25"}],"version-history":[{"count":25,"href":"https:\/\/rafael-leng.de\/index.php?rest_route=\/wp\/v2\/pages\/25\/revisions"}],"predecessor-version":[{"id":142,"href":"https:\/\/rafael-leng.de\/index.php?rest_route=\/wp\/v2\/pages\/25\/revisions\/142"}],"wp:attachment":[{"href":"https:\/\/rafael-leng.de\/index.php?rest_route=%2Fwp%2Fv2%2Fmedia&parent=25"}],"curies":[{"name":"wp","href":"https:\/\/api.w.org\/{rel}","templated":true}]}}